{"id":10100,"date":"2019-06-20T14:02:37","date_gmt":"2019-06-20T12:02:37","guid":{"rendered":"https:\/\/www.parce-freres.com\/maury\/"},"modified":"2020-02-03T11:57:20","modified_gmt":"2020-02-03T10:57:20","slug":"maury","status":"publish","type":"page","link":"https:\/\/www.parce-freres.com\/en\/maury\/","title":{"rendered":"Maury"},"content":{"rendered":"<p>[vc_row][vc_column]<div class=\"prk_shortcode-title prk_break_word small_underline verve_center_align h3_sized\"><div class=\" zero_color prk_vc_title\"><h3 style=\"font-weight:300;\">A terroir steeped in history between Corbi\u00e8res and the Pyrenees<\/h3><\/div><div class=\"clearfix\"><\/div><\/div><div class=\"verve_spacer clearfix\" style=\"height:30px;\"><\/div><div class=\"simple_line shortcoded wpb_animate_when_almost_visible wpb_left-to-right\" style=\"border-bottom-color:#8c0138;width:6%;border-bottom-width:3px;margin-left:auto;margin-right:auto;\"><\/div><div class=\"verve_spacer clearfix\" style=\"height:30px;\"><\/div><div class=\"prk_shortcode-title prk_break_word small_underline verve_left_align h4_sized\"><div class=\" zero_color prk_vc_title\"><h4 style=\"font-weight:300;\">Introduction<\/h4><\/div><div class=\"clearfix\"><\/div><\/div><div class=\"verve_spacer clearfix\" style=\"height:30px;\"><\/div>[vc_column_text]In the natural corridor formed by the Corbi\u00e8res on one side and the Pyrenees on the other, the village of Maury has prospered for centuries. It seems that the vine appeared after Hannibal and his elephants passed through the Pyrenees, and soldiers could no longer continue to stop in the region to live there.<\/p>\n<p>Under Charlemagne, Maury was two villages, &#8220;Amaurioles&#8221; and &#8220;Laval&#8221;, but the latter having been decimated by the plague, we will only remember Amaurioles, which later became Maury.<\/p>\n<p>It is on these lands, greedy and difficult, that the vines get their best expression to create wines with a strong character.[\/vc_column_text]<div class=\"verve_spacer clearfix\" style=\"height:30px;\"><\/div><div class=\"prk_shortcode-title prk_break_word small_underline verve_left_align h4_sized\"><div class=\" zero_color prk_vc_title\"><h4 style=\"font-weight:300;\">History<\/h4><\/div><div class=\"clearfix\"><\/div><\/div><div class=\"verve_spacer clearfix\" style=\"height:30px;\"><\/div>[vc_column_text]The history of Maury is obviously linked to the history of the Fenouill\u00e8des territory, which, judging by the discoveries made, goes back to prehistoric times. Traces of Neanderthal Man and the Bronze Age have been found on the banks of the Agly River. The most emblematic remains of these periods are the dolmens of Ansignan, Feilluns and Trilla, as well as the menhir of Prats-de-Sournia.<\/p>\n<p>The Fenouill\u00e8des, frontier lands, have known in 5000 years the cultural influences of the Iberians, Celts, Greeks, Romans, Germans and Arabs before being attached to the Kingdom of France in the 8th century by P\u00e9pin Le Bref.<\/p>\n<p><img loading=\"lazy\" class=\"size-medium wp-image-9429 alignleft\" src=\"https:\/\/www.parce-freres.com\/wp-content\/uploads\/2019\/06\/portrait-historiePARCE-VINS-307x380.jpg\" alt=\"\" width=\"307\" height=\"380\" srcset=\"https:\/\/www.parce-freres.com\/wp-content\/uploads\/2019\/06\/portrait-historiePARCE-VINS-307x380.jpg 307w, https:\/\/www.parce-freres.com\/wp-content\/uploads\/2019\/06\/portrait-historiePARCE-VINS-768x950.jpg 768w, https:\/\/www.parce-freres.com\/wp-content\/uploads\/2019\/06\/portrait-historiePARCE-VINS-600x742.jpg 600w, https:\/\/www.parce-freres.com\/wp-content\/uploads\/2019\/06\/portrait-historiePARCE-VINS.jpg 825w\" sizes=\"(max-width: 307px) 100vw, 307px\" \/>In 950 and 954, the city of Maury was integrated into the Viscounty of Fenouillet, which itself was part of the county of B\u00e9salu, itself integrated into the county of Barcelona, which later became Catalonia and joined forces with that of Provence and Foix to fight against the King of France during the Cathar event in the 12th century. Following this, the son of the Count of Barcelona, James I, took over the reins of Catalonia. With the Treaty of Corbeil, he established a new border between the county and France, which then linked the Fenouill\u00e8des to France in 1258. Now separated from the rest of Roussillon, Maury would follow the course of French history without being caught in the vise of the Kingdom of Majorca (14th century), nor in the Franco-Spanish conflicts of the 15th century.<\/p>\n<p>Administratively attached to the Eastern Pyrenees, the Fennell\u00e8des are linked by history and Occitan tradition to the Cathar country. The last bastions of the Cathar period, the castles of Qu\u00e9ribus, Peyrepertuse and Puilaurens, stand like sentinels above the valley.<\/p>\n<p>The Fenouill\u00e8de territory remained for nearly four centuries the former border between the Kingdom of France and the Kingdom of Aragon, before the annexation of Roussillon by the Treaty of the Pyrenees in 1659. Rich in this history, the territory has preserved many historical sites and monuments that are now the jewels of the region. One can mention the former Benedictine Abbey in the 10th century, which later became a college chapter in Saint-Paul-de-Fenouillet. he Ansignan aqueduct bridge is a monument testifying to the passage of the Romans in the region, 170 metres long, it has the particularity of being on two levels. For centuries, the Chapelle Notre-Dame de Laval in Caudi\u00e8s-de-Fenouill\u00e8des was a place of pilgrimage for the people of the Agly Valley who came to be placed under the protection of the Virgin de Laval every time a plague or cholera epidemic struck the valley. Another curiosity of the region, the Galamus Gorges have been dug by the waters of the Agly River, to depths of more than 500 metres to reach the Mediterranean.<\/p>\n<p>But how can we talk about the history of the Fennouill\u00e8des without talking about wine?<\/p>\n<p>The vine has been present for centuries, but it was in the 19th century that wine-growing activity developed particularly, which led to the demographic development of the region.<\/p>\n<p>In Maury, the history of the cooperative cellar is an integral part of the history of the village and the region.<\/p>\n<p>At the end of the 19th century, winegrowers became aware of the need to join forces to resist the pressure exerted by trading houses. This is how the first cooperative cellars were born in France, these infrastructures will give rhythm to the life of these villages.<\/p>\n<p>In Maury, it all began in 1891 when a violent storm reduced the village&#8217;s production. Faced with this considerable loss of profit, the winegrowers began to gather. The phylloxera crisis did not follow and did not help the production. Following these two disasters that occurred in a short period of time, the gathering of winegrowers made sense.<\/p>\n<p>In 1906, thanks to Jules Pams, senator of the Pyr\u00e9n\u00e9es-Orientales and the Minister of Agriculture, the French government authorized banks to grant loans to agricultural unions. The Maury cooperative can officially be created. On April 20, 1910, the first board of directors gathered 129 owners at the founding meeting. The building was officially inaugurated on 29 April 1910. It will undergo various modifications and expansions, even going as far as the construction of three other cellars in the village, making it possible to increase the quantity of wine produced.<\/p>\n<p>In 1936, the decree of the appellations of origin recognized the natural sweet wines produced in Maury, under the appellation Maury contr\u00f4l\u00e9e.<\/p>\n<p>In 1974, the various Maury sites were grouped together to form the Soci\u00e9t\u00e9 Coop\u00e9rative &#8220;Les Vignerons de Maury&#8221;.<\/p>\n<p>At the end of the 1980s, the cellar created a stocky bottle called &#8220;Maury&#8221;, with the aim of distinguishing itself from other appellations of natural sweet wines.<\/p>\n<p>The peak production of the appellation was reached in 1990. In those years, consumer taste evolved and Maury developed its range by offering more fruity and gourmet products.<\/p>\n<p>In 2000, the winegrower cooperators of Maury wanted to convert part of the harvest to dry red wines. Grenache noir, which is very well established in the region, lends itself well to this and this is how the Maury sec appellation will be launched in 2011.[\/vc_column_text]<div class=\"verve_spacer clearfix\" style=\"height:30px;\"><\/div>[vc_text_separator title=&#8221;The Maury Sec in a few figures:&#8221; color=&#8221;custom&#8221; el_width=&#8221;50&#8243; font_type=&#8221;custom_font&#8221; css_animation=&#8221;right-to-left&#8221; accent_color=&#8221;#8c0138&#8243;][\/vc_column][\/vc_row][vc_row][vc_column width=&#8221;1\/3&#8243;]<div class=\"prk_counter_wrapper prk_counter_center verve_smaller_counter wpb_animate_when_almost_visible wpb_left-to-right\"><i class=\"mdi mdi-trending-up colored_link_icon\"><\/i><div class=\"clearfix\"><\/div><div id=\"verve_counter_303\" class=\"header_font verve_counter\" data-origin=\"0\" data-counter=\"18\" data-duration=\"3800\"><\/div><div class=\"verve_counter_desc header_font\">Hectolitres<br \/>\nAverage yield per hectare<\/div><\/div>[\/vc_column][vc_column width=&#8221;1\/3&#8243;]<div class=\"prk_counter_wrapper prk_counter_center verve_smaller_counter wpb_animate_when_almost_visible wpb_left-to-right\"><i class=\"mdi mdi-checkbox-marked-circle-outline colored_link_icon\"><\/i><div class=\"clearfix\"><\/div><div id=\"verve_counter_380\" class=\"header_font verve_counter\" data-origin=\"0\" data-counter=\"262\" data-duration=\"3800\"><\/div><div class=\"verve_counter_desc header_font\">Hectares<br \/>\nof surface area<\/div><\/div>[\/vc_column][vc_column width=&#8221;1\/3&#8243;]<div class=\"prk_counter_wrapper prk_counter_center verve_smaller_counter wpb_animate_when_almost_visible wpb_right-to-left\"><i class=\"mdi mdi-open-in-new colored_link_icon\"><\/i><div class=\"clearfix\"><\/div><div id=\"verve_counter_532\" class=\"header_font verve_counter\" data-origin=\"0\" data-counter=\"4770\" data-duration=\"3800\"><\/div><div class=\"verve_counter_desc header_font\">Hectolitres produced<\/div><\/div>[\/vc_column][\/vc_row][vc_row][vc_column width=&#8221;1\/1&#8243;]<div class=\"verve_spacer clearfix\" style=\"height:80px;\"><\/div><div class=\"prk_shortcode-title prk_break_word small_underline verve_left_align h4_sized\"><div class=\" zero_color prk_vc_title\"><h4 style=\"font-weight:300;\">Geographic area<\/h4><\/div><div class=\"clearfix\"><\/div><\/div><div class=\"verve_spacer clearfix\" style=\"height:30px;\"><\/div>[vc_column_text]In the shade of the Ch\u00e2teau de Qu\u00e9ribus, a former Cathar citadel at an altitude of 728 metres, the Maury vineyard stands out on a long corridor 17km long and 4km wide, protected to the north by the Corbi\u00e8res chain and to the south by the foothills of the Pyrenees.<\/p>\n<p>The village of Maury is located in the center of the Maury appellation area, which extends over four communes of Fenouill\u00e8des, Rasigu\u00e8res in the south, Tautavel in the east and Saint-Paul-de-Fenouillet in the west.<\/p>\n<p>Three other appellations are represented on Maury, the C\u00f4tes du Roussillon and C\u00f4tes du Roussillon Village as well as the Rivesaltes and Muscat de Rivesaltes.[\/vc_column_text]<div class=\"verve_spacer clearfix\" style=\"height:30px;\"><\/div>[vc_single_image image=&#8221;10103&#8243; img_size=&#8221;full&#8221;]<div class=\"verve_spacer clearfix\" style=\"height:50px;\"><\/div><div class=\"prk_shortcode-title prk_break_word small_underline verve_left_align h4_sized\"><div class=\" zero_color prk_vc_title\"><h4 style=\"font-weight:300;\">Climate<\/h4><\/div><div class=\"clearfix\"><\/div><\/div><div class=\"verve_spacer clearfix\" style=\"height:30px;\"><\/div>[vc_column_text]In the Agly valley, the sun plays an essential role in the local weather, summers are hot and dry with very little rain, between 650 and 700 mm per year.<\/p>\n<p>The region is crossed by strong winds that sweep across the vineyard and allow soil water to evaporate, thus protecting the vines from phytosanitary diseases. These windy episodes, called Tramontane, last three, six or nine days in a row and cause damage to vegetation but also to people.<\/p>\n<p>In addition to the windy passages, the Agly valley enjoys a mild climate all year round.<\/p>\n<p>The southern\/continental climate is characterized by a significant amount of sunshine, this microclimate benefits the entire terroir and the wine benefits from an ideal temperature range between day and night to develop naturally.[\/vc_column_text]<div class=\"verve_spacer clearfix\" style=\"height:50px;\"><\/div>[vc_text_separator title=&#8221;The Sweet Maury in a few figures:&#8221; color=&#8221;custom&#8221; el_width=&#8221;50&#8243; font_type=&#8221;custom_font&#8221; css_animation=&#8221;right-to-left&#8221; accent_color=&#8221;#8c0138&#8243;][\/vc_column][\/vc_row][vc_row][vc_column width=&#8221;1\/3&#8243;]<div class=\"prk_counter_wrapper prk_counter_center verve_smaller_counter wpb_animate_when_almost_visible wpb_left-to-right\"><i class=\"mdi mdi-trending-up colored_link_icon\"><\/i><div class=\"clearfix\"><\/div><div id=\"verve_counter_56\" class=\"header_font verve_counter\" data-origin=\"0\" data-counter=\"15\" data-duration=\"3800\"><\/div><div class=\"verve_counter_desc header_font\">Hectolitres<br \/>\nAverage yield per hectare<\/div><\/div>[\/vc_column][vc_column width=&#8221;1\/3&#8243;]<div class=\"prk_counter_wrapper prk_counter_center verve_smaller_counter wpb_animate_when_almost_visible wpb_left-to-right\"><i class=\"mdi mdi-checkbox-marked-circle-outline colored_link_icon\"><\/i><div class=\"clearfix\"><\/div><div id=\"verve_counter_393\" class=\"header_font verve_counter\" data-origin=\"0\" data-counter=\"310\" data-duration=\"3800\"><\/div><div class=\"verve_counter_desc header_font\">Hectares<br \/>\nof surface area<\/div><\/div>[\/vc_column][vc_column width=&#8221;1\/3&#8243;]<div class=\"prk_counter_wrapper prk_counter_center verve_smaller_counter wpb_animate_when_almost_visible wpb_right-to-left\"><i class=\"mdi mdi-open-in-new colored_link_icon\"><\/i><div class=\"clearfix\"><\/div><div id=\"verve_counter_540\" class=\"header_font verve_counter\" data-origin=\"0\" data-counter=\"4650\" data-duration=\"3800\"><\/div><div class=\"verve_counter_desc header_font\">Hectolitres produced<\/div><\/div>[\/vc_column][\/vc_row][vc_row][vc_column width=&#8221;1\/1&#8243;]<div class=\"verve_spacer clearfix\" style=\"height:80px;\"><\/div><div class=\"prk_shortcode-title prk_break_word small_underline verve_left_align h4_sized\"><div class=\" zero_color prk_vc_title\"><h4 style=\"font-weight:300;\">Geology<\/h4><\/div><div class=\"clearfix\"><\/div><\/div><div class=\"verve_spacer clearfix\" style=\"height:30px;\"><\/div>[vc_column_text]Oscillating between the limestone foothills of the Corbi\u00e8res and the Pyrenees, the soils of the Agly valley are composed of secondary schistose marl (Aptien). The vines are planted on small hills, sometimes convex, sometimes concave, which, depending on their inclinations, can be difficult to work.<\/p>\n<p>The flaky structure of shale gives the roots of the vines the opportunity to sink deep into the ground in order to draw moisture, necessary for their nutrition. Black allows the soil to accumulate the heat of the day to return it to the vines at night and thus allow the grapes to obtain a good sugar content.<\/p>\n<p>This lean soil in a way makes the richness of the Maury terroir and gives the wines a strong character, the same as those who work them.[\/vc_column_text]<div class=\"verve_spacer clearfix\" style=\"height:30px;\"><\/div>[vc_single_image image=&#8221;10101&#8243; img_size=&#8221;full&#8221;]<div class=\"verve_spacer clearfix\" style=\"height:60px;\"><\/div><div class=\"prk_shortcode-title prk_break_word small_underline verve_left_align h4_sized\"><div class=\" zero_color prk_vc_title\"><h4 style=\"font-weight:300;\">Cultural practices<\/h4><\/div><div class=\"clearfix\"><\/div><\/div><div class=\"verve_spacer clearfix\" style=\"height:30px;\"><\/div>[vc_column_text]The poor soils and selective climates make this appellation a terroir with low yields, the sweet Maury produce only 15 hectolitres per hectare, while the dry Maury produces 18 hectolitres per hectare.<\/p>\n<p>The vineyard is poorly mechanized and irrigation is impossible. The harvest is done by hand, it is early thanks to the sun and lasts several weeks because of the wide range produced.<\/p>\n<p>In Maury, Grenache noir is king, this grape variety reveals the terroir is at ease here and the winegrowers of the region have been able to protect and preserve the heritage of the old Grenaches.<\/p>\n<p>The winegrowers try to express through their vinification work all the diversity of this exceptional terroir.[\/vc_column_text]<div class=\"verve_spacer clearfix\" style=\"height:50px;\"><\/div>[vc_text_separator title=&#8221;The Maury cru in a few dates:&#8221; color=&#8221;custom&#8221; el_width=&#8221;50&#8243; font_type=&#8221;custom_font&#8221; css_animation=&#8221;right-to-left&#8221; accent_color=&#8221;#8c0138&#8243;][\/vc_column][\/vc_row][vc_row][vc_column width=&#8221;1\/3&#8243;]<div class=\"prk_counter_wrapper prk_counter_center verve_smaller_counter wpb_animate_when_almost_visible wpb_left-to-right\"><i class=\"mdi mdi-bookmark-check colored_link_icon\"><\/i><div class=\"clearfix\"><\/div><div id=\"verve_counter_286\" class=\"header_font verve_counter\" data-origin=\"0\" data-counter=\"1910\" data-duration=\"3800\"><\/div><div class=\"verve_counter_desc header_font\">Creation of the Maury cooperative cellar<\/div><\/div>[\/vc_column][vc_column width=&#8221;1\/3&#8243;]<div class=\"prk_counter_wrapper prk_counter_center verve_smaller_counter wpb_animate_when_almost_visible wpb_left-to-right\"><i class=\"mdi mdi-checkbox-marked-circle-outline colored_link_icon\"><\/i><div class=\"clearfix\"><\/div><div id=\"verve_counter_888\" class=\"header_font verve_counter\" data-origin=\"0\" data-counter=\"1936\" data-duration=\"3800\"><\/div><div class=\"verve_counter_desc header_font\">Obtaining the sweet Maury AOC<\/div><\/div>[\/vc_column][vc_column width=&#8221;1\/3&#8243;]<div class=\"prk_counter_wrapper prk_counter_center verve_smaller_counter wpb_animate_when_almost_visible wpb_right-to-left\"><i class=\"mdi mdi-checkbox-marked-circle-outline colored_link_icon\"><\/i><div class=\"clearfix\"><\/div><div id=\"verve_counter_362\" class=\"header_font verve_counter\" data-origin=\"0\" data-counter=\"2011\" data-duration=\"3800\"><\/div><div class=\"verve_counter_desc header_font\">Obtaining the Maury dry AOC<\/div><\/div>[\/vc_column][\/vc_row][vc_row][vc_column width=&#8221;1\/1&#8243;]<div class=\"verve_spacer clearfix\" style=\"height:80px;\"><\/div><div class=\"prk_shortcode-title prk_break_word small_underline verve_left_align h4_sized\"><div class=\" zero_color prk_vc_title\"><h4 style=\"font-weight:300;\">Typicality<\/h4><\/div><div class=\"clearfix\"><\/div><\/div><div class=\"verve_spacer clearfix\" style=\"height:30px;\"><\/div>[vc_column_text]In Maury, natural sweet wines are produced, obtained by mutage. Mutation is the addition of neutral alcohol, of vinous origin, to the fresh grape must. In this world of the Maury, for a long time there were only wines aged in the cellar for several years in oak tuns or demi-muids. Now, there are several types of natural sweet wines in Maury, on the one hand, those that are protected from oxidation by ageing in a reducing environment and those aged in an oxidative environment.<\/p>\n<p>Maury grapes grown in reducing environments are preserved and evolve slowly in stainless steel vats, the reds are called &#8220;Garnet&#8221; and develop fruity aromas and more pronounced tannins. Whites are marketed young and offer primary fruity aromas. These wines must be aged until May 1st, which is the year of harvest.<\/p>\n<p>Maury raised in an oxidative medium are placed in oak containers (\u00bd muid or tuns) to promote exchanges with oxygen. The colour of these wines varies over time. The whites are called &#8220;Amber&#8221; and the reds &#8220;Tuil\u00e9s&#8221;. These wines must undergo a long ageing period until March 1st of the third year of the harvest.<\/p>\n<p>The Maury &#8220;Hors&#8217;d&#8217;\u00e2ge&#8221; are produced only in red, they undergo a breeding of about 5 years in oxidative environment.[\/vc_column_text]<div class=\"verve_spacer clearfix\" style=\"height:30px;\"><\/div><div class=\"prk_shortcode-title prk_break_word small_underline verve_left_align h4_sized\"><div class=\" zero_color prk_vc_title\"><h4 style=\"font-weight:300;\">Conclusion<\/h4><\/div><div class=\"clearfix\"><\/div><\/div><div class=\"verve_spacer clearfix\" style=\"height:30px;\"><\/div>[vc_column_text]The Maury appellation is constantly evolving to offer wine lovers high-quality wines. With the recent arrival of dry wines in Maury, the vineyard and its winegrowers prove that they do not lack the resources to continue to support their rich territory.<\/p>\n<p>Today Roussillon produces 80% of the national production of Natural Sweet Wines and the Maury doux appellation is the most confidential, with only 4,650 hectolitres produced in 2017. The most represented appellation being Muscat de Rivesaltes with 84,874 hectolitres produced.<\/p>\n<p>On this terroir with its many faces, Man has expressed himself for the pleasure of the eyes on the one hand but on the other hand the pleasure of taste.[\/vc_column_text]<div class=\"verve_spacer clearfix\" style=\"height:50px;\"><\/div>[\/vc_column][\/vc_row][vc_row][vc_column width=&#8221;1\/1&#8243;][vc_text_separator title=&#8221;Some wine references&#8221; color=&#8221;custom&#8221; el_width=&#8221;70&#8243; css_animation=&#8221;vrv_flash&#8221; accent_color=&#8221;#8c0138&#8243;]<div class=\"woocommerce columns-4 \"><ul class=\"products columns-4\">\n<li class=\"product type-product post-12548 status-publish first instock product_cat-preceptorie-field product_tag-aop-maury-sec-en product_tag-red-wine has-post-thumbnail taxable shipping-taxable product-type-simple\">\n\t<div class=\"hide_now\">\n\t\t\t<\/div>\n\t<div class=\"verve_woo_thumb_wrapper\">\n\t\t\t\t\t\n\t\t\t<div class=\"verve_woo_thumb\">\n\t\t\t\t<a href=\"https:\/\/www.parce-freres.com\/en\/produit\/clos-des-colombes-red\/\">\n\t\t\t\t\t<img width=\"300\" height=\"300\" src=\"https:\/\/www.parce-freres.com\/wp-content\/uploads\/2026\/03\/etiquette-vin-clos-colombes-rouge-blanc-maison-parce-freres-300x300.jpg\" class=\"attachment-woocommerce_thumbnail size-woocommerce_thumbnail\" alt=\"\" loading=\"lazy\" srcset=\"https:\/\/www.parce-freres.com\/wp-content\/uploads\/2026\/03\/etiquette-vin-clos-colombes-rouge-blanc-maison-parce-freres-300x300.jpg 300w, https:\/\/www.parce-freres.com\/wp-content\/uploads\/2026\/03\/etiquette-vin-clos-colombes-rouge-blanc-maison-parce-freres-380x380.jpg 380w, https:\/\/www.parce-freres.com\/wp-content\/uploads\/2026\/03\/etiquette-vin-clos-colombes-rouge-blanc-maison-parce-freres-150x150.jpg 150w, https:\/\/www.parce-freres.com\/wp-content\/uploads\/2026\/03\/etiquette-vin-clos-colombes-rouge-blanc-maison-parce-freres-768x768.jpg 768w, https:\/\/www.parce-freres.com\/wp-content\/uploads\/2026\/03\/etiquette-vin-clos-colombes-rouge-blanc-maison-parce-freres-600x600.jpg 600w, https:\/\/www.parce-freres.com\/wp-content\/uploads\/2026\/03\/etiquette-vin-clos-colombes-rouge-blanc-maison-parce-freres-100x100.jpg 100w, https:\/\/www.parce-freres.com\/wp-content\/uploads\/2026\/03\/etiquette-vin-clos-colombes-rouge-blanc-maison-parce-freres.jpg 1000w\" sizes=\"(max-width: 300px) 100vw, 300px\" \/>\t\t\t\t<\/a>\n\t\t\t\t<a href=\"https:\/\/www.parce-freres.com\/en\/produit\/clos-des-colombes-red\/\" class=\"verve_woo_add_button verve_woo_hidden\"><span class=\"prk_left_floated\">Read more<\/span><i class=\"prk_right_floated fa fa-shopping-cart\"><\/i><\/a>\n\t\t\t<\/div>\n\t<\/div>\n\t<div class=\"verve_woo_product_info\">\n\t\t<a href=\"https:\/\/www.parce-freres.com\/en\/produit\/clos-des-colombes-red\/\"><h3 class=\"zero_color prk_heavier_600\">Clos des Colombes red<\/h3><\/a>\n\t\t<div class=\"verve_woo_hidden verve_woo_cats small_headings_color\">\n        \t<a href=\"https:\/\/www.parce-freres.com\/en\/categorie-produit\/preceptorie-field\/\" rel=\"tag\">Domaine de La Pr\u00e9ceptorie<\/a>        <\/div>\n\t<\/div>\n\t\t<div class=\"clearfix\"><\/div>\n\t<\/li>\n<li class=\"product type-product post-12998 status-publish instock product_cat-preceptorie-field product_tag-aop-cotes-du-roussillon-en product_tag-white-wine has-post-thumbnail taxable shipping-taxable product-type-simple\">\n\t<div class=\"hide_now\">\n\t\t\t<\/div>\n\t<div class=\"verve_woo_thumb_wrapper\">\n\t\t\t\t\t\n\t\t\t<div class=\"verve_woo_thumb\">\n\t\t\t\t<a href=\"https:\/\/www.parce-freres.com\/en\/produit\/clos-des-colombes-white\/\">\n\t\t\t\t\t<img width=\"300\" height=\"300\" src=\"https:\/\/www.parce-freres.com\/wp-content\/uploads\/2026\/03\/etiquette-vin-clos-colombes-rouge-blanc-maison-parce-freres-300x300.jpg\" class=\"attachment-woocommerce_thumbnail size-woocommerce_thumbnail\" alt=\"\" loading=\"lazy\" srcset=\"https:\/\/www.parce-freres.com\/wp-content\/uploads\/2026\/03\/etiquette-vin-clos-colombes-rouge-blanc-maison-parce-freres-300x300.jpg 300w, https:\/\/www.parce-freres.com\/wp-content\/uploads\/2026\/03\/etiquette-vin-clos-colombes-rouge-blanc-maison-parce-freres-380x380.jpg 380w, https:\/\/www.parce-freres.com\/wp-content\/uploads\/2026\/03\/etiquette-vin-clos-colombes-rouge-blanc-maison-parce-freres-150x150.jpg 150w, https:\/\/www.parce-freres.com\/wp-content\/uploads\/2026\/03\/etiquette-vin-clos-colombes-rouge-blanc-maison-parce-freres-768x768.jpg 768w, https:\/\/www.parce-freres.com\/wp-content\/uploads\/2026\/03\/etiquette-vin-clos-colombes-rouge-blanc-maison-parce-freres-600x600.jpg 600w, https:\/\/www.parce-freres.com\/wp-content\/uploads\/2026\/03\/etiquette-vin-clos-colombes-rouge-blanc-maison-parce-freres-100x100.jpg 100w, https:\/\/www.parce-freres.com\/wp-content\/uploads\/2026\/03\/etiquette-vin-clos-colombes-rouge-blanc-maison-parce-freres.jpg 1000w\" sizes=\"(max-width: 300px) 100vw, 300px\" \/>\t\t\t\t<\/a>\n\t\t\t\t<a href=\"https:\/\/www.parce-freres.com\/en\/produit\/clos-des-colombes-white\/\" class=\"verve_woo_add_button verve_woo_hidden\"><span class=\"prk_left_floated\">Read more<\/span><i class=\"prk_right_floated fa fa-shopping-cart\"><\/i><\/a>\n\t\t\t<\/div>\n\t<\/div>\n\t<div class=\"verve_woo_product_info\">\n\t\t<a href=\"https:\/\/www.parce-freres.com\/en\/produit\/clos-des-colombes-white\/\"><h3 class=\"zero_color prk_heavier_600\">Clos des Colombes white<\/h3><\/a>\n\t\t<div class=\"verve_woo_hidden verve_woo_cats small_headings_color\">\n        \t<a href=\"https:\/\/www.parce-freres.com\/en\/categorie-produit\/preceptorie-field\/\" rel=\"tag\">Domaine de La Pr\u00e9ceptorie<\/a>        <\/div>\n\t<\/div>\n\t\t<div class=\"clearfix\"><\/div>\n\t<\/li>\n<li class=\"product type-product post-10065 status-publish instock product_cat-preceptorie-field product_tag-aop-maury-sec-en product_tag-red-wine has-post-thumbnail taxable shipping-taxable product-type-simple\">\n\t<div class=\"hide_now\">\n\t\t\t<\/div>\n\t<div class=\"verve_woo_thumb_wrapper\">\n\t\t\t\t\t\n\t\t\t<div class=\"verve_woo_thumb\">\n\t\t\t\t<a href=\"https:\/\/www.parce-freres.com\/en\/produit\/copain-comme-cochon\/\">\n\t\t\t\t\t<img width=\"300\" height=\"300\" src=\"https:\/\/www.parce-freres.com\/wp-content\/uploads\/2020\/05\/COPAIN-COMME-COCHON-etiquette-VINS-PARCE-300x300.jpg\" class=\"attachment-woocommerce_thumbnail size-woocommerce_thumbnail\" alt=\"\" loading=\"lazy\" srcset=\"https:\/\/www.parce-freres.com\/wp-content\/uploads\/2020\/05\/COPAIN-COMME-COCHON-etiquette-VINS-PARCE-300x300.jpg 300w, https:\/\/www.parce-freres.com\/wp-content\/uploads\/2020\/05\/COPAIN-COMME-COCHON-etiquette-VINS-PARCE-380x380.jpg 380w, https:\/\/www.parce-freres.com\/wp-content\/uploads\/2020\/05\/COPAIN-COMME-COCHON-etiquette-VINS-PARCE-150x150.jpg 150w, https:\/\/www.parce-freres.com\/wp-content\/uploads\/2020\/05\/COPAIN-COMME-COCHON-etiquette-VINS-PARCE-768x768.jpg 768w, https:\/\/www.parce-freres.com\/wp-content\/uploads\/2020\/05\/COPAIN-COMME-COCHON-etiquette-VINS-PARCE-600x600.jpg 600w, https:\/\/www.parce-freres.com\/wp-content\/uploads\/2020\/05\/COPAIN-COMME-COCHON-etiquette-VINS-PARCE-100x100.jpg 100w, https:\/\/www.parce-freres.com\/wp-content\/uploads\/2020\/05\/COPAIN-COMME-COCHON-etiquette-VINS-PARCE.jpg 1000w\" sizes=\"(max-width: 300px) 100vw, 300px\" \/>\t\t\t\t<\/a>\n\t\t\t\t<a href=\"https:\/\/www.parce-freres.com\/en\/produit\/copain-comme-cochon\/\" class=\"verve_woo_add_button verve_woo_hidden\"><span class=\"prk_left_floated\">Read more<\/span><i class=\"prk_right_floated fa fa-shopping-cart\"><\/i><\/a>\n\t\t\t<\/div>\n\t<\/div>\n\t<div class=\"verve_woo_product_info\">\n\t\t<a href=\"https:\/\/www.parce-freres.com\/en\/produit\/copain-comme-cochon\/\"><h3 class=\"zero_color prk_heavier_600\">Copain Comme Cochon<\/h3><\/a>\n\t\t<div class=\"verve_woo_hidden verve_woo_cats small_headings_color\">\n        \t<a href=\"https:\/\/www.parce-freres.com\/en\/categorie-produit\/preceptorie-field\/\" rel=\"tag\">Domaine de La Pr\u00e9ceptorie<\/a>        <\/div>\n\t<\/div>\n\t\t<div class=\"clearfix\"><\/div>\n\t<\/li>\n<li class=\"product type-product post-10057 status-publish last instock product_cat-preceptorie-field product_tag-aop-cotes-du-roussillon-en product_tag-white-wine has-post-thumbnail taxable shipping-taxable product-type-simple\">\n\t<div class=\"hide_now\">\n\t\t\t<\/div>\n\t<div class=\"verve_woo_thumb_wrapper\">\n\t\t\t\t\t\n\t\t\t<div class=\"verve_woo_thumb\">\n\t\t\t\t<a href=\"https:\/\/www.parce-freres.com\/en\/produit\/coume-marie-blanc\/\">\n\t\t\t\t\t<img width=\"300\" height=\"300\" src=\"https:\/\/www.parce-freres.com\/wp-content\/uploads\/2020\/05\/COUME-MARIE-BLANC-PARCE-ETIQUETTE-300x300.jpg\" class=\"attachment-woocommerce_thumbnail size-woocommerce_thumbnail\" alt=\"\" loading=\"lazy\" srcset=\"https:\/\/www.parce-freres.com\/wp-content\/uploads\/2020\/05\/COUME-MARIE-BLANC-PARCE-ETIQUETTE-300x300.jpg 300w, https:\/\/www.parce-freres.com\/wp-content\/uploads\/2020\/05\/COUME-MARIE-BLANC-PARCE-ETIQUETTE-380x380.jpg 380w, https:\/\/www.parce-freres.com\/wp-content\/uploads\/2020\/05\/COUME-MARIE-BLANC-PARCE-ETIQUETTE-150x150.jpg 150w, https:\/\/www.parce-freres.com\/wp-content\/uploads\/2020\/05\/COUME-MARIE-BLANC-PARCE-ETIQUETTE-768x768.jpg 768w, https:\/\/www.parce-freres.com\/wp-content\/uploads\/2020\/05\/COUME-MARIE-BLANC-PARCE-ETIQUETTE-600x600.jpg 600w, https:\/\/www.parce-freres.com\/wp-content\/uploads\/2020\/05\/COUME-MARIE-BLANC-PARCE-ETIQUETTE-100x100.jpg 100w, https:\/\/www.parce-freres.com\/wp-content\/uploads\/2020\/05\/COUME-MARIE-BLANC-PARCE-ETIQUETTE.jpg 1000w\" sizes=\"(max-width: 300px) 100vw, 300px\" \/>\t\t\t\t<\/a>\n\t\t\t\t<a href=\"https:\/\/www.parce-freres.com\/en\/produit\/coume-marie-blanc\/\" class=\"verve_woo_add_button verve_woo_hidden\"><span class=\"prk_left_floated\">Read more<\/span><i class=\"prk_right_floated fa fa-shopping-cart\"><\/i><\/a>\n\t\t\t<\/div>\n\t<\/div>\n\t<div class=\"verve_woo_product_info\">\n\t\t<a href=\"https:\/\/www.parce-freres.com\/en\/produit\/coume-marie-blanc\/\"><h3 class=\"zero_color prk_heavier_600\">Coume Marie Blanc<\/h3><\/a>\n\t\t<div class=\"verve_woo_hidden verve_woo_cats small_headings_color\">\n        \t<a href=\"https:\/\/www.parce-freres.com\/en\/categorie-produit\/preceptorie-field\/\" rel=\"tag\">Domaine de La Pr\u00e9ceptorie<\/a>        <\/div>\n\t<\/div>\n\t\t<div class=\"clearfix\"><\/div>\n\t<\/li>\n<li class=\"product type-product post-11068 status-publish first instock product_cat-preceptorie-field product_tag-aop-cotes-du-roussillon-en product_tag-white-wine has-post-thumbnail taxable shipping-taxable product-type-simple\">\n\t<div class=\"hide_now\">\n\t\t\t<\/div>\n\t<div class=\"verve_woo_thumb_wrapper\">\n\t\t\t\t\t\n\t\t\t<div class=\"verve_woo_thumb\">\n\t\t\t\t<a href=\"https:\/\/www.parce-freres.com\/en\/produit\/coume-marie-blanc-de-noirs\/\">\n\t\t\t\t\t<img width=\"300\" height=\"300\" src=\"https:\/\/www.parce-freres.com\/wp-content\/uploads\/2021\/02\/VINS-MAISON-PARCE-ETIQUETTE-COUME-MARIE-BLANC-DE-NOIR-300x300.jpg\" class=\"attachment-woocommerce_thumbnail size-woocommerce_thumbnail\" alt=\"\" loading=\"lazy\" srcset=\"https:\/\/www.parce-freres.com\/wp-content\/uploads\/2021\/02\/VINS-MAISON-PARCE-ETIQUETTE-COUME-MARIE-BLANC-DE-NOIR-300x300.jpg 300w, https:\/\/www.parce-freres.com\/wp-content\/uploads\/2021\/02\/VINS-MAISON-PARCE-ETIQUETTE-COUME-MARIE-BLANC-DE-NOIR-380x380.jpg 380w, https:\/\/www.parce-freres.com\/wp-content\/uploads\/2021\/02\/VINS-MAISON-PARCE-ETIQUETTE-COUME-MARIE-BLANC-DE-NOIR-150x150.jpg 150w, https:\/\/www.parce-freres.com\/wp-content\/uploads\/2021\/02\/VINS-MAISON-PARCE-ETIQUETTE-COUME-MARIE-BLANC-DE-NOIR-768x768.jpg 768w, https:\/\/www.parce-freres.com\/wp-content\/uploads\/2021\/02\/VINS-MAISON-PARCE-ETIQUETTE-COUME-MARIE-BLANC-DE-NOIR-600x600.jpg 600w, https:\/\/www.parce-freres.com\/wp-content\/uploads\/2021\/02\/VINS-MAISON-PARCE-ETIQUETTE-COUME-MARIE-BLANC-DE-NOIR-100x100.jpg 100w, https:\/\/www.parce-freres.com\/wp-content\/uploads\/2021\/02\/VINS-MAISON-PARCE-ETIQUETTE-COUME-MARIE-BLANC-DE-NOIR.jpg 1000w\" sizes=\"(max-width: 300px) 100vw, 300px\" \/>\t\t\t\t<\/a>\n\t\t\t\t<a href=\"https:\/\/www.parce-freres.com\/en\/produit\/coume-marie-blanc-de-noirs\/\" class=\"verve_woo_add_button verve_woo_hidden\"><span class=\"prk_left_floated\">Read more<\/span><i class=\"prk_right_floated fa fa-shopping-cart\"><\/i><\/a>\n\t\t\t<\/div>\n\t<\/div>\n\t<div class=\"verve_woo_product_info\">\n\t\t<a href=\"https:\/\/www.parce-freres.com\/en\/produit\/coume-marie-blanc-de-noirs\/\"><h3 class=\"zero_color prk_heavier_600\">Coume Marie Blanc de Noirs<\/h3><\/a>\n\t\t<div class=\"verve_woo_hidden verve_woo_cats small_headings_color\">\n        \t<a href=\"https:\/\/www.parce-freres.com\/en\/categorie-produit\/preceptorie-field\/\" rel=\"tag\">Domaine de La Pr\u00e9ceptorie<\/a>        <\/div>\n\t<\/div>\n\t\t<div class=\"clearfix\"><\/div>\n\t<\/li>\n<li class=\"product type-product post-10061 status-publish instock product_cat-preceptorie-field product_tag-aop-cotes-du-roussillon-en product_tag-red-wine has-post-thumbnail taxable shipping-taxable product-type-simple\">\n\t<div class=\"hide_now\">\n\t\t\t<\/div>\n\t<div class=\"verve_woo_thumb_wrapper\">\n\t\t\t\t\t\n\t\t\t<div class=\"verve_woo_thumb\">\n\t\t\t\t<a href=\"https:\/\/www.parce-freres.com\/en\/produit\/coume-marie-rouge\/\">\n\t\t\t\t\t<img width=\"300\" height=\"300\" src=\"https:\/\/www.parce-freres.com\/wp-content\/uploads\/2020\/05\/COUME-MARIE-ROUGE-PARCE-ETIQUETTE-300x300.jpg\" class=\"attachment-woocommerce_thumbnail size-woocommerce_thumbnail\" alt=\"\" loading=\"lazy\" srcset=\"https:\/\/www.parce-freres.com\/wp-content\/uploads\/2020\/05\/COUME-MARIE-ROUGE-PARCE-ETIQUETTE-300x300.jpg 300w, https:\/\/www.parce-freres.com\/wp-content\/uploads\/2020\/05\/COUME-MARIE-ROUGE-PARCE-ETIQUETTE-380x380.jpg 380w, https:\/\/www.parce-freres.com\/wp-content\/uploads\/2020\/05\/COUME-MARIE-ROUGE-PARCE-ETIQUETTE-150x150.jpg 150w, https:\/\/www.parce-freres.com\/wp-content\/uploads\/2020\/05\/COUME-MARIE-ROUGE-PARCE-ETIQUETTE-768x768.jpg 768w, https:\/\/www.parce-freres.com\/wp-content\/uploads\/2020\/05\/COUME-MARIE-ROUGE-PARCE-ETIQUETTE-600x600.jpg 600w, https:\/\/www.parce-freres.com\/wp-content\/uploads\/2020\/05\/COUME-MARIE-ROUGE-PARCE-ETIQUETTE-100x100.jpg 100w, https:\/\/www.parce-freres.com\/wp-content\/uploads\/2020\/05\/COUME-MARIE-ROUGE-PARCE-ETIQUETTE.jpg 1000w\" sizes=\"(max-width: 300px) 100vw, 300px\" \/>\t\t\t\t<\/a>\n\t\t\t\t<a href=\"https:\/\/www.parce-freres.com\/en\/produit\/coume-marie-rouge\/\" class=\"verve_woo_add_button verve_woo_hidden\"><span class=\"prk_left_floated\">Read more<\/span><i class=\"prk_right_floated fa fa-shopping-cart\"><\/i><\/a>\n\t\t\t<\/div>\n\t<\/div>\n\t<div class=\"verve_woo_product_info\">\n\t\t<a href=\"https:\/\/www.parce-freres.com\/en\/produit\/coume-marie-rouge\/\"><h3 class=\"zero_color prk_heavier_600\">Coume Marie Rouge<\/h3><\/a>\n\t\t<div class=\"verve_woo_hidden verve_woo_cats small_headings_color\">\n        \t<a href=\"https:\/\/www.parce-freres.com\/en\/categorie-produit\/preceptorie-field\/\" rel=\"tag\">Domaine de La Pr\u00e9ceptorie<\/a>        <\/div>\n\t<\/div>\n\t\t<div class=\"clearfix\"><\/div>\n\t<\/li>\n<li class=\"product type-product post-10063 status-publish instock product_cat-preceptorie-field product_tag-aop-maury-en product_tag-vin-doux-naturel-en has-post-thumbnail taxable shipping-taxable product-type-simple\">\n\t<div class=\"hide_now\">\n\t\t\t<\/div>\n\t<div class=\"verve_woo_thumb_wrapper\">\n\t\t\t\t\t\n\t\t\t<div class=\"verve_woo_thumb\">\n\t\t\t\t<a href=\"https:\/\/www.parce-freres.com\/en\/produit\/maury-grenat-cuvee-aurelie\/\">\n\t\t\t\t\t<img width=\"300\" height=\"300\" src=\"https:\/\/www.parce-freres.com\/wp-content\/uploads\/2020\/05\/PRECEPTORIE-AURELIE-MAURY-PARCE-ETIQUETTE-300x300.jpg\" class=\"attachment-woocommerce_thumbnail size-woocommerce_thumbnail\" alt=\"\" loading=\"lazy\" srcset=\"https:\/\/www.parce-freres.com\/wp-content\/uploads\/2020\/05\/PRECEPTORIE-AURELIE-MAURY-PARCE-ETIQUETTE-300x300.jpg 300w, https:\/\/www.parce-freres.com\/wp-content\/uploads\/2020\/05\/PRECEPTORIE-AURELIE-MAURY-PARCE-ETIQUETTE-380x380.jpg 380w, https:\/\/www.parce-freres.com\/wp-content\/uploads\/2020\/05\/PRECEPTORIE-AURELIE-MAURY-PARCE-ETIQUETTE-150x150.jpg 150w, https:\/\/www.parce-freres.com\/wp-content\/uploads\/2020\/05\/PRECEPTORIE-AURELIE-MAURY-PARCE-ETIQUETTE-768x768.jpg 768w, https:\/\/www.parce-freres.com\/wp-content\/uploads\/2020\/05\/PRECEPTORIE-AURELIE-MAURY-PARCE-ETIQUETTE-600x600.jpg 600w, https:\/\/www.parce-freres.com\/wp-content\/uploads\/2020\/05\/PRECEPTORIE-AURELIE-MAURY-PARCE-ETIQUETTE-100x100.jpg 100w, https:\/\/www.parce-freres.com\/wp-content\/uploads\/2020\/05\/PRECEPTORIE-AURELIE-MAURY-PARCE-ETIQUETTE.jpg 1000w\" sizes=\"(max-width: 300px) 100vw, 300px\" \/>\t\t\t\t<\/a>\n\t\t\t\t<a href=\"https:\/\/www.parce-freres.com\/en\/produit\/maury-grenat-cuvee-aurelie\/\" class=\"verve_woo_add_button verve_woo_hidden\"><span class=\"prk_left_floated\">Read more<\/span><i class=\"prk_right_floated fa fa-shopping-cart\"><\/i><\/a>\n\t\t\t<\/div>\n\t<\/div>\n\t<div class=\"verve_woo_product_info\">\n\t\t<a href=\"https:\/\/www.parce-freres.com\/en\/produit\/maury-grenat-cuvee-aurelie\/\"><h3 class=\"zero_color prk_heavier_600\">Maury Grenat Cuv\u00e9e Aur\u00e9lie<\/h3><\/a>\n\t\t<div class=\"verve_woo_hidden verve_woo_cats small_headings_color\">\n        \t<a href=\"https:\/\/www.parce-freres.com\/en\/categorie-produit\/preceptorie-field\/\" rel=\"tag\">Domaine de La Pr\u00e9ceptorie<\/a>        <\/div>\n\t<\/div>\n\t\t<div class=\"clearfix\"><\/div>\n\t<\/li>\n<li class=\"product type-product post-10064 status-publish last outofstock product_cat-preceptorie-field product_tag-aop-maury-sec-en product_tag-red-wine has-post-thumbnail taxable shipping-taxable product-type-simple\">\n\t<div class=\"hide_now\">\n\t\t\t<\/div>\n\t<div class=\"verve_woo_thumb_wrapper\">\n\t\t\t\t\t\n\t\t\t<div class=\"verve_woo_thumb\">\n\t\t\t\t<a href=\"https:\/\/www.parce-freres.com\/en\/produit\/so2-mon-amour\/\">\n\t\t\t\t\t<img width=\"300\" height=\"300\" src=\"https:\/\/www.parce-freres.com\/wp-content\/uploads\/2020\/05\/PRECEPTORIE-SO2-PARCE-ETIQUETTE-300x300.jpg\" class=\"attachment-woocommerce_thumbnail size-woocommerce_thumbnail\" alt=\"\" loading=\"lazy\" srcset=\"https:\/\/www.parce-freres.com\/wp-content\/uploads\/2020\/05\/PRECEPTORIE-SO2-PARCE-ETIQUETTE-300x300.jpg 300w, https:\/\/www.parce-freres.com\/wp-content\/uploads\/2020\/05\/PRECEPTORIE-SO2-PARCE-ETIQUETTE-380x380.jpg 380w, https:\/\/www.parce-freres.com\/wp-content\/uploads\/2020\/05\/PRECEPTORIE-SO2-PARCE-ETIQUETTE-150x150.jpg 150w, https:\/\/www.parce-freres.com\/wp-content\/uploads\/2020\/05\/PRECEPTORIE-SO2-PARCE-ETIQUETTE-768x768.jpg 768w, https:\/\/www.parce-freres.com\/wp-content\/uploads\/2020\/05\/PRECEPTORIE-SO2-PARCE-ETIQUETTE-600x600.jpg 600w, https:\/\/www.parce-freres.com\/wp-content\/uploads\/2020\/05\/PRECEPTORIE-SO2-PARCE-ETIQUETTE-100x100.jpg 100w, https:\/\/www.parce-freres.com\/wp-content\/uploads\/2020\/05\/PRECEPTORIE-SO2-PARCE-ETIQUETTE.jpg 1000w\" sizes=\"(max-width: 300px) 100vw, 300px\" \/>\t\t\t\t<\/a>\n\t\t\t\t<a href=\"https:\/\/www.parce-freres.com\/en\/produit\/so2-mon-amour\/\" class=\"verve_woo_add_button verve_woo_hidden\"><span class=\"prk_left_floated\">Read more<\/span><i class=\"prk_right_floated fa fa-shopping-cart\"><\/i><\/a>\n\t\t\t<\/div>\n\t<\/div>\n\t<div class=\"verve_woo_product_info\">\n\t\t<a href=\"https:\/\/www.parce-freres.com\/en\/produit\/so2-mon-amour\/\"><h3 class=\"zero_color prk_heavier_600\">So2 Mon Amour<\/h3><\/a>\n\t\t<div class=\"verve_woo_hidden verve_woo_cats small_headings_color\">\n        \t<a href=\"https:\/\/www.parce-freres.com\/en\/categorie-produit\/preceptorie-field\/\" rel=\"tag\">Domaine de La Pr\u00e9ceptorie<\/a>        <\/div>\n\t<\/div>\n\t\t<div class=\"clearfix\"><\/div>\n\t<\/li>\n<li class=\"product type-product post-10037 status-publish first instock product_cat-preceptorie-field product_tag-aop-cotes-du-roussillon-en product_tag-white-wine has-post-thumbnail taxable shipping-taxable product-type-simple\">\n\t<div class=\"hide_now\">\n\t\t\t<\/div>\n\t<div class=\"verve_woo_thumb_wrapper\">\n\t\t\t\t\t\n\t\t\t<div class=\"verve_woo_thumb\">\n\t\t\t\t<a href=\"https:\/\/www.parce-freres.com\/en\/produit\/terres-nouvelles-blanc\/\">\n\t\t\t\t\t<img width=\"300\" height=\"300\" src=\"https:\/\/www.parce-freres.com\/wp-content\/uploads\/2020\/05\/PRECEPTORIE-TERRE-NOUVELLE-BLANC-PARCE-ETIQUETTE-300x300.jpg\" class=\"attachment-woocommerce_thumbnail size-woocommerce_thumbnail\" alt=\"\" loading=\"lazy\" srcset=\"https:\/\/www.parce-freres.com\/wp-content\/uploads\/2020\/05\/PRECEPTORIE-TERRE-NOUVELLE-BLANC-PARCE-ETIQUETTE-300x300.jpg 300w, https:\/\/www.parce-freres.com\/wp-content\/uploads\/2020\/05\/PRECEPTORIE-TERRE-NOUVELLE-BLANC-PARCE-ETIQUETTE-380x380.jpg 380w, https:\/\/www.parce-freres.com\/wp-content\/uploads\/2020\/05\/PRECEPTORIE-TERRE-NOUVELLE-BLANC-PARCE-ETIQUETTE-150x150.jpg 150w, https:\/\/www.parce-freres.com\/wp-content\/uploads\/2020\/05\/PRECEPTORIE-TERRE-NOUVELLE-BLANC-PARCE-ETIQUETTE-768x768.jpg 768w, https:\/\/www.parce-freres.com\/wp-content\/uploads\/2020\/05\/PRECEPTORIE-TERRE-NOUVELLE-BLANC-PARCE-ETIQUETTE-600x600.jpg 600w, https:\/\/www.parce-freres.com\/wp-content\/uploads\/2020\/05\/PRECEPTORIE-TERRE-NOUVELLE-BLANC-PARCE-ETIQUETTE-100x100.jpg 100w, https:\/\/www.parce-freres.com\/wp-content\/uploads\/2020\/05\/PRECEPTORIE-TERRE-NOUVELLE-BLANC-PARCE-ETIQUETTE.jpg 1000w\" sizes=\"(max-width: 300px) 100vw, 300px\" \/>\t\t\t\t<\/a>\n\t\t\t\t<a href=\"https:\/\/www.parce-freres.com\/en\/produit\/terres-nouvelles-blanc\/\" class=\"verve_woo_add_button verve_woo_hidden\"><span class=\"prk_left_floated\">Read more<\/span><i class=\"prk_right_floated fa fa-shopping-cart\"><\/i><\/a>\n\t\t\t<\/div>\n\t<\/div>\n\t<div class=\"verve_woo_product_info\">\n\t\t<a href=\"https:\/\/www.parce-freres.com\/en\/produit\/terres-nouvelles-blanc\/\"><h3 class=\"zero_color prk_heavier_600\">Terres Nouvelles Blanc<\/h3><\/a>\n\t\t<div class=\"verve_woo_hidden verve_woo_cats small_headings_color\">\n        \t<a href=\"https:\/\/www.parce-freres.com\/en\/categorie-produit\/preceptorie-field\/\" rel=\"tag\">Domaine de La Pr\u00e9ceptorie<\/a>        <\/div>\n\t<\/div>\n\t\t<div class=\"clearfix\"><\/div>\n\t<\/li>\n<li class=\"product type-product post-12306 status-publish instock product_cat-preceptorie-field product_tag-aop-cotes-du-roussillon-en product_tag-aop-maury-sec-en product_tag-red-wine has-post-thumbnail taxable shipping-taxable product-type-simple\">\n\t<div class=\"hide_now\">\n\t\t\t<\/div>\n\t<div class=\"verve_woo_thumb_wrapper\">\n\t\t\t\t\t\n\t\t\t<div class=\"verve_woo_thumb\">\n\t\t\t\t<a href=\"https:\/\/www.parce-freres.com\/en\/produit\/terres-nouvelles-rouge\/\">\n\t\t\t\t\t<img width=\"300\" height=\"300\" src=\"https:\/\/www.parce-freres.com\/wp-content\/uploads\/2020\/05\/PRECEPTORIE-TERRE-NOUVELLE-ROUGE-PARCE-ETIQUETTE-300x300.jpg\" class=\"attachment-woocommerce_thumbnail size-woocommerce_thumbnail\" alt=\"\" loading=\"lazy\" srcset=\"https:\/\/www.parce-freres.com\/wp-content\/uploads\/2020\/05\/PRECEPTORIE-TERRE-NOUVELLE-ROUGE-PARCE-ETIQUETTE-300x300.jpg 300w, https:\/\/www.parce-freres.com\/wp-content\/uploads\/2020\/05\/PRECEPTORIE-TERRE-NOUVELLE-ROUGE-PARCE-ETIQUETTE-380x380.jpg 380w, https:\/\/www.parce-freres.com\/wp-content\/uploads\/2020\/05\/PRECEPTORIE-TERRE-NOUVELLE-ROUGE-PARCE-ETIQUETTE-150x150.jpg 150w, https:\/\/www.parce-freres.com\/wp-content\/uploads\/2020\/05\/PRECEPTORIE-TERRE-NOUVELLE-ROUGE-PARCE-ETIQUETTE-768x768.jpg 768w, https:\/\/www.parce-freres.com\/wp-content\/uploads\/2020\/05\/PRECEPTORIE-TERRE-NOUVELLE-ROUGE-PARCE-ETIQUETTE-600x600.jpg 600w, https:\/\/www.parce-freres.com\/wp-content\/uploads\/2020\/05\/PRECEPTORIE-TERRE-NOUVELLE-ROUGE-PARCE-ETIQUETTE-100x100.jpg 100w, https:\/\/www.parce-freres.com\/wp-content\/uploads\/2020\/05\/PRECEPTORIE-TERRE-NOUVELLE-ROUGE-PARCE-ETIQUETTE.jpg 1000w\" sizes=\"(max-width: 300px) 100vw, 300px\" \/>\t\t\t\t<\/a>\n\t\t\t\t<a href=\"https:\/\/www.parce-freres.com\/en\/produit\/terres-nouvelles-rouge\/\" class=\"verve_woo_add_button verve_woo_hidden\"><span class=\"prk_left_floated\">Read more<\/span><i class=\"prk_right_floated fa fa-shopping-cart\"><\/i><\/a>\n\t\t\t<\/div>\n\t<\/div>\n\t<div class=\"verve_woo_product_info\">\n\t\t<a href=\"https:\/\/www.parce-freres.com\/en\/produit\/terres-nouvelles-rouge\/\"><h3 class=\"zero_color prk_heavier_600\">Terres Nouvelles Rouge<\/h3><\/a>\n\t\t<div class=\"verve_woo_hidden verve_woo_cats small_headings_color\">\n        \t<a href=\"https:\/\/www.parce-freres.com\/en\/categorie-produit\/preceptorie-field\/\" rel=\"tag\">Domaine de La Pr\u00e9ceptorie<\/a>        <\/div>\n\t<\/div>\n\t\t<div class=\"clearfix\"><\/div>\n\t<\/li>\n<li class=\"product type-product post-10062 status-publish instock product_cat-preceptorie-field product_tag-aop-maury-en product_tag-vin-doux-naturel-en has-post-thumbnail taxable shipping-taxable product-type-simple\">\n\t<div class=\"hide_now\">\n\t\t\t<\/div>\n\t<div class=\"verve_woo_thumb_wrapper\">\n\t\t\t\t\t\n\t\t\t<div class=\"verve_woo_thumb\">\n\t\t\t\t<a href=\"https:\/\/www.parce-freres.com\/en\/produit\/vin-doux-reveur\/\">\n\t\t\t\t\t<img width=\"300\" height=\"300\" src=\"https:\/\/www.parce-freres.com\/wp-content\/uploads\/2019\/05\/VIN-DOUX-REVEUR-etiquette-VINS-PARCE-300x300.jpg\" class=\"attachment-woocommerce_thumbnail size-woocommerce_thumbnail\" alt=\"\" loading=\"lazy\" srcset=\"https:\/\/www.parce-freres.com\/wp-content\/uploads\/2019\/05\/VIN-DOUX-REVEUR-etiquette-VINS-PARCE-300x300.jpg 300w, https:\/\/www.parce-freres.com\/wp-content\/uploads\/2019\/05\/VIN-DOUX-REVEUR-etiquette-VINS-PARCE-150x150.jpg 150w, https:\/\/www.parce-freres.com\/wp-content\/uploads\/2019\/05\/VIN-DOUX-REVEUR-etiquette-VINS-PARCE-768x768.jpg 768w, https:\/\/www.parce-freres.com\/wp-content\/uploads\/2019\/05\/VIN-DOUX-REVEUR-etiquette-VINS-PARCE-600x600.jpg 600w, https:\/\/www.parce-freres.com\/wp-content\/uploads\/2019\/05\/VIN-DOUX-REVEUR-etiquette-VINS-PARCE-100x100.jpg 100w, https:\/\/www.parce-freres.com\/wp-content\/uploads\/2019\/05\/VIN-DOUX-REVEUR-etiquette-VINS-PARCE.jpg 1000w\" sizes=\"(max-width: 300px) 100vw, 300px\" \/>\t\t\t\t<\/a>\n\t\t\t\t<a href=\"https:\/\/www.parce-freres.com\/en\/produit\/vin-doux-reveur\/\" class=\"verve_woo_add_button verve_woo_hidden\"><span class=\"prk_left_floated\">Read more<\/span><i class=\"prk_right_floated fa fa-shopping-cart\"><\/i><\/a>\n\t\t\t<\/div>\n\t<\/div>\n\t<div class=\"verve_woo_product_info\">\n\t\t<a href=\"https:\/\/www.parce-freres.com\/en\/produit\/vin-doux-reveur\/\"><h3 class=\"zero_color prk_heavier_600\">Vin Doux R\u00eaveur<\/h3><\/a>\n\t\t<div class=\"verve_woo_hidden verve_woo_cats small_headings_color\">\n        \t<a href=\"https:\/\/www.parce-freres.com\/en\/categorie-produit\/preceptorie-field\/\" rel=\"tag\">Domaine de La Pr\u00e9ceptorie<\/a>        <\/div>\n\t<\/div>\n\t\t<div class=\"clearfix\"><\/div>\n\t<\/li>\n<li class=\"product type-product post-10038 status-publish last instock product_cat-preceptorie-field product_tag-rancio-en has-post-thumbnail taxable shipping-taxable product-type-simple\">\n\t<div class=\"hide_now\">\n\t\t\t<\/div>\n\t<div class=\"verve_woo_thumb_wrapper\">\n\t\t\t\t\t\n\t\t\t<div class=\"verve_woo_thumb\">\n\t\t\t\t<a href=\"https:\/\/www.parce-freres.com\/en\/produit\/vinum-preceptoris\/\">\n\t\t\t\t\t<img width=\"300\" height=\"300\" src=\"https:\/\/www.parce-freres.com\/wp-content\/uploads\/2019\/05\/VINUM-PREPECTORIS-etiquette-VINS-PARCE-300x300.jpg\" class=\"attachment-woocommerce_thumbnail size-woocommerce_thumbnail\" alt=\"\" loading=\"lazy\" srcset=\"https:\/\/www.parce-freres.com\/wp-content\/uploads\/2019\/05\/VINUM-PREPECTORIS-etiquette-VINS-PARCE-300x300.jpg 300w, https:\/\/www.parce-freres.com\/wp-content\/uploads\/2019\/05\/VINUM-PREPECTORIS-etiquette-VINS-PARCE-150x150.jpg 150w, https:\/\/www.parce-freres.com\/wp-content\/uploads\/2019\/05\/VINUM-PREPECTORIS-etiquette-VINS-PARCE-768x768.jpg 768w, https:\/\/www.parce-freres.com\/wp-content\/uploads\/2019\/05\/VINUM-PREPECTORIS-etiquette-VINS-PARCE-600x600.jpg 600w, https:\/\/www.parce-freres.com\/wp-content\/uploads\/2019\/05\/VINUM-PREPECTORIS-etiquette-VINS-PARCE-100x100.jpg 100w, https:\/\/www.parce-freres.com\/wp-content\/uploads\/2019\/05\/VINUM-PREPECTORIS-etiquette-VINS-PARCE.jpg 1000w\" sizes=\"(max-width: 300px) 100vw, 300px\" \/>\t\t\t\t<\/a>\n\t\t\t\t<a href=\"https:\/\/www.parce-freres.com\/en\/produit\/vinum-preceptoris\/\" class=\"verve_woo_add_button verve_woo_hidden\"><span class=\"prk_left_floated\">Read more<\/span><i class=\"prk_right_floated fa fa-shopping-cart\"><\/i><\/a>\n\t\t\t<\/div>\n\t<\/div>\n\t<div class=\"verve_woo_product_info\">\n\t\t<a href=\"https:\/\/www.parce-freres.com\/en\/produit\/vinum-preceptoris\/\"><h3 class=\"zero_color prk_heavier_600\">Vinum Praeceptoris<\/h3><\/a>\n\t\t<div class=\"verve_woo_hidden verve_woo_cats small_headings_color\">\n        \t<a href=\"https:\/\/www.parce-freres.com\/en\/categorie-produit\/preceptorie-field\/\" rel=\"tag\">Domaine de La Pr\u00e9ceptorie<\/a>        <\/div>\n\t<\/div>\n\t\t<div class=\"clearfix\"><\/div>\n\t<\/li>\n<\/ul>\n<\/div>[\/vc_column][\/vc_row][vc_row bk_type=&#8221;verve_full_row&#8221;][vc_column width=&#8221;1\/1&#8243;][vc_column_text][instagram-feed type=user num=12 cols=6 showfollow=false imagepadding=0 imagepaddingunit=px showheader=false showcaption=false showlikes=false showbutton=false disablelightbox=true captionlinks=false][\/vc_column_text][\/vc_column][\/vc_row]<\/p>\n","protected":false},"excerpt":{"rendered":"<p>[vc_row][vc_column][vc_column_text]In the natural corridor formed by the Corbi\u00e8res on one side and the Pyrenees on the other, the village of Maury has prospered for centuries. It seems that the vine appeared after Hannibal and his elephants passed through the Pyrenees, and soldiers could no longer continue to stop in the region to live there. Under [&hellip;]<\/p>\n","protected":false},"author":2,"featured_media":0,"parent":0,"menu_order":0,"comment_status":"closed","ping_status":"closed","template":"","meta":[],"_links":{"self":[{"href":"https:\/\/www.parce-freres.com\/en\/wp-json\/wp\/v2\/pages\/10100"}],"collection":[{"href":"https:\/\/www.parce-freres.com\/en\/wp-json\/wp\/v2\/pages"}],"about":[{"href":"https:\/\/www.parce-freres.com\/en\/wp-json\/wp\/v2\/types\/page"}],"author":[{"embeddable":true,"href":"https:\/\/www.parce-freres.com\/en\/wp-json\/wp\/v2\/users\/2"}],"replies":[{"embeddable":true,"href":"https:\/\/www.parce-freres.com\/en\/wp-json\/wp\/v2\/comments?post=10100"}],"version-history":[{"count":0,"href":"https:\/\/www.parce-freres.com\/en\/wp-json\/wp\/v2\/pages\/10100\/revisions"}],"wp:attachment":[{"href":"https:\/\/www.parce-freres.com\/en\/wp-json\/wp\/v2\/media?parent=10100"}],"curies":[{"name":"wp","href":"https:\/\/api.w.org\/{rel}","templated":true}]}}